{"id":1950,"date":"2013-10-07T08:51:00","date_gmt":"2013-10-07T06:51:00","guid":{"rendered":"http:\/\/www.katehetski.zadarskanadbiskupija.hr\/?page_id=1950"},"modified":"2025-10-02T09:59:05","modified_gmt":"2025-10-02T07:59:05","slug":"vjeroucitelji","status":"publish","type":"page","link":"https:\/\/www.katehetski.zadarskanadbiskupija.hr\/?page_id=1950","title":{"rendered":"Vjerou\u010ditelji u O\u0160"},"content":{"rendered":"<p style=\"text-align: center;\"><strong>POPIS VJEROU\u010cITELJA U \u0160KOLSKOJ GODINI 2025.\/2026.<\/strong><\/p>\n<p><strong>VJEROU\u010cITELJI SVE\u0106ENICI:<\/strong><\/p>\n<ol>\n<li>Ivo\u0161, don Slavko, P\u0160 Silba i P\u0160 Olib (O\u0160 Zadarski Otoci).<\/li>\n<\/ol>\n<p><strong>VJEROU\u010cITELJICE REDOVNICE:<\/strong><\/p>\n<ol>\n<li>Delonga, s. Bla\u017eenka, O\u0160 Kistanje.<\/li>\n<li>\u0110uri\u0107, s. Leopoldina, O\u0160 Benkovac, Benkovac.<\/li>\n<li>Matanovi\u0107, s. Marija, O\u0160 Jurja Dalmatinca, Pag.<\/li>\n<li>Pende, s. Katarina, O\u0160 \u0160imuna K. Benje, Zadar.<\/li>\n<li>\u017dupari\u0107, s. Mara, O\u0160 Suko\u0161an i P\u0160 Debeljak.<\/li>\n<\/ol>\n<p><strong>VJEROU\u010cITELJI LAICI<\/strong><\/p>\n<ol>\n<li>Anu\u0161i\u0107, Ru\u017eica, Katoli\u010dka osnovna \u0161kola Ivo Ma\u0161ina<\/li>\n<li>Anzulovi\u0107, Neda, O\u0160 Novigrad i O\u0160 Bra\u0107e Radi\u0107, Pridraga.<\/li>\n<li>Babi\u0107, Iva, O\u0160 Petra Preradovi\u0107a, Zadar<\/li>\n<li>Bara\u0107, Ante, O\u0160 Petra Preradovi\u0107a, Zadar <span style=\"color: #ff0000;\">(Ravnatelj)<\/span><\/li>\n<li>Bare\u0161i\u0107, Jasmina, O\u0160 Pako\u0161tane<\/li>\n<li>Ba\u0161kovi\u0107, Ana, Privatna osnovna \u0161kola Nova, Zadar <span style=\"color: #ff0000;\">(na rodiljnom dopustu).<\/span><\/li>\n<li>Batur, Nediljka, O\u0160 Smiljevac, Zadar.<\/li>\n<li>Ba\u0161i\u0107 Lucija, O\u0160 Valentina Klarina, Preko.<\/li>\n<li>Bla\u017eevi\u0107, Ankica, O\u0160 Privlaka.<\/li>\n<li>Bobi\u0107 Giraldi, Orijana, O\u0160 Smiljevac, Zadar.<\/li>\n<li>Boni\u0107, Kristina, O\u0160 Benkovac, Benkovac.<\/li>\n<li>Bukvi\u0107, Katarina, O\u0160 Vladimira Nazora, Nevi\u0111ane <span style=\"color: #ff0000;\">(na rodiljnom dopustu).<\/span><span style=\"color: #ff0000;\"><br \/>\n<\/span><\/li>\n<li>Buljat, Mirjana, O\u0160 Benkovac.<\/li>\n<li>\u010cirjak, Ivanka, O\u0160 Vo\u0161tarnica i O\u0160 Benkovac.<\/li>\n<li>\u010culina, Sandra, O\u0160 Krune Krsti\u0107a, Zadar.<\/li>\n<li>\u0106oso, Lidija, O\u0160 Poli\u010dnik<\/li>\n<li>Dellavia, Marijana, O\u0160 Smiljevac, Zadar<\/li>\n<li>Dominis, Nada, O\u0160 Petra Lorinija, Sali. <span style=\"color: #ff0000;\">(Ravnateljica)<\/span><\/li>\n<li>\u0110er\u0111a, Marina, O\u0160 Zadarski otoci i O\u0160 Ra\u017eanac<\/li>\n<li>Du\u0161kovi\u0107, An\u0111elo, O\u0160 Vo\u0161tarnica i O\u0160 Zemunik.<\/li>\n<li>Elek, Ljiljana, O\u0160 Bartula Ka\u0161i\u0107a, Zadar.<\/li>\n<li>Filipovi\u0107, Ivana, O\u0160 Petra Zorani\u0107a.<\/li>\n<li>Frani\u0107, Lucija, O\u0160 Biograd na Moru.<\/li>\n<li>Gale\u0161i\u0107, Anica, O\u0160 Smiljevac, Zadar.<\/li>\n<li>Jelenkovi\u0107, Boris, O\u0160 Smiljevac, Zadar.<\/li>\n<li>Jeli\u0107 Marina, O\u0160 Stjepana Radi\u0107a Bibinje.<\/li>\n<li>Jozi\u0107, Frano, O\u0160 Obrovac i P\u0160 Karin<\/li>\n<li>Kaji\u0107, Ana, O\u0160 Bar\u00adtula Ka\u0161i\u0107a, Zadar.<\/li>\n<li>Karamarko, Diana, O\u0160 Stanovi, Zadar.<\/li>\n<li>Karamarko, Marinko, O\u0160 \u0160kabrnja.<\/li>\n<li>Klari\u0107, Jolida, O\u0160 Bartula Ka\u0161i\u0107a, Zadar.<\/li>\n<li>Knez, Ru\u017ea, O\u0160 Petra Zorani\u0107a, Jasenice.<\/li>\n<li>Lili\u0107 Pekas Iva, O\u0160 Privlaka.<\/li>\n<li>Loni\u0107, \u0160ime, O\u0160 Pako\u0161tane.<\/li>\n<li>Mami\u0107, Mladenka, O\u0160 Biograd na Moru, Biograd na Moru.<\/li>\n<li>Marceli\u0107, Jelena, O\u0160 Petra Preradovi\u0107a, Zadar.<\/li>\n<li>Marceli\u0107, Lucija , O\u0160 Krune Krsti\u0107a, Zadar i O\u0160 Stjepana Radi\u0107a, Bibinje.<\/li>\n<li>Mar\u010dina, Bla\u017eenka, O\u0160 \u0160ime Budini\u0107a, Zadar.<\/li>\n<li>Mar\u017ei\u0107, Ivona-Marija, O\u0160 Jurja Dalmatinca, Pag<\/li>\n<li>Mi\u0161i\u0107, Sini\u0161a, O\u0160 Poli\u010dnik<\/li>\n<li>Mi\u0161kovi\u0107, Grgo, O\u0160 Ra\u017eanac<\/li>\n<li>Nemari\u0107, Renata, O\u0160 Batula Ka\u0161i\u0107a.<\/li>\n<li>Paleka, Tomislav, O\u0160 Zemunik.<\/li>\n<li>Pavlovi\u0107, Klaudija, O\u0160 Petra Zorani\u0107a, Nin.<\/li>\n<li>Pedi\u0107, Cecilija, O\u0160 Stanovi, Zadar.<\/li>\n<li>Perai\u0107, Ivana, Katoli\u010dka osnovna \u0161kola Ivo Ma\u0161ina<\/li>\n<li>Perani\u0107, Ivanka, O\u0160 A. G. Mato\u0161a, Novalja.<\/li>\n<li>Perica, Berta, O\u0160 Bra\u0107e Ribar, Posedarje.<\/li>\n<li>Radi\u0107, Lenka, O\u0160 Zadarski otoci, Zadar.<\/li>\n<li>Re\u017ean, Predrag, O\u0160 Obrovac i O\u0160 Kru\u0161evo.<\/li>\n<li>R\u00fccker, Ana, O\u0160 Stjepana Radi\u0107a, Bibinje.<\/li>\n<li>Rui\u0107, Marin, O\u0160 Bartula Ka\u0161i\u0107a, Zadar i O\u0160 Kistanje, Kistanje.<\/li>\n<li>Smoli\u0107, Marijana, O\u0160 Sv. Filip i Jakov.<\/li>\n<li>Sovi\u0107, Anamarija, O\u0160 Suko\u0161an.<\/li>\n<li>Srzenti\u0107, Marina, O\u0160 Bartula Ka\u0161i\u0107a, Zadar.<\/li>\n<li>Strika Ivana , O\u0160 \u0160imuna K. Benje, Zadar.<\/li>\n<li>Su\u010di\u0107 Irena, O\u0160 \u0160imuna K. Benje, Zadar <span style=\"color: #ff0000;\">(na rodiljnom dopustu)<\/span>.<\/li>\n<li>\u0160arlija Nada, O\u0160 Zadarski otoci.<\/li>\n<li>\u0160imi\u010dev, Marina, O\u0160 \u0160ime Budini\u0107a, Zadar.<\/li>\n<li>\u0160imuni\u0107, Marija, O\u0160 Zadarski otoci, Zadar.<\/li>\n<li>\u0160okota, Ana, O\u0160 Krune Krsti\u0107a, Zadar.<\/li>\n<li>\u0160padi\u0107, Sonja, O\u0160 Stanovi i O\u0160 Zadarski otoci, Zadar.<\/li>\n<li>Tadi\u0107 Nevena, O\u0160 Starigrad.<\/li>\n<li>Toki\u0107, Marija, O\u0160 Biograd na moru.<\/li>\n<li>Tori\u0107, Marta, O\u0160 \u0160ime Budini\u0107a, Zadar.<\/li>\n<li>Vedri\u0107, Anita, O\u0160 Bra\u0107e Ribar, Posedarje.<\/li>\n<li>Vidov, Snje\u017eana, O\u0160 Galovac.<\/li>\n<li>Vodopija, Gabriela, O\u0160 Sveti Filip i Jakov.<\/li>\n<li>Vuleta, Jasmina, O\u0160 Franka Lisice, Pola\u010da.<\/li>\n<li>Zeli\u0107, Ru\u017eica, O\u0160 \u0160imuna K. Benje, Zadar i O\u0160 Gorica.<strong><span style=\"color: #ff0000;\"><br \/>\n<\/span><\/strong><\/li>\n<li>Zrili\u0107, Ivana, O\u0160 Valentin Klarin, Preko.<\/li>\n<li>\u017depina, Tereza, O\u0160 Benkovac, Benkovac.<\/li>\n<li>\u017di\u017ei\u0107, Iva, O\u0160 \u0160imuna K. Benje, Zadar<\/li>\n<li>\u017duni\u0107, Denis, O\u0160 \u0160kabrnja.<\/li>\n<li>\u017duni\u0107-Rogi\u0107, Anita, O\u0160 \u0160ime Budini\u0107a, Zadar.<\/li>\n<\/ol>\n<p><strong>VJEROU\u010cITELJI NA ZAMJENI<\/strong><\/p>\n<ol>\n<li>Kova\u010d, Ivana, za Anu Ba\u0161kovi\u0107.<\/li>\n<li>Marceli\u0107, Nino, za Bukvi\u0107 Katarinu.<\/li>\n<li>Mariani Joki\u0107, Ana, O\u0160 Benje.<\/li>\n<li>Rogi\u0107, Vice, za Nadu Dominis.<\/li>\n<li>Glasnovi\u0107, Nikolina, za Antu Bara\u0107a<\/li>\n<li>\u0160iki\u0107, Lucija, za Irenu Su\u010di\u0107<\/li>\n<\/ol>\n","protected":false},"excerpt":{"rendered":"<p>POPIS VJEROU\u010cITELJA U \u0160KOLSKOJ GODINI 2025.\/2026. VJEROU\u010cITELJI SVE\u0106ENICI: Ivo\u0161, don Slavko, P\u0160 Silba i P\u0160 Olib (O\u0160 Zadarski Otoci). VJEROU\u010cITELJICE REDOVNICE: Delonga, s. Bla\u017eenka, O\u0160 Kistanje. \u0110uri\u0107, s. Leopoldina, O\u0160 Benkovac, Benkovac. Matanovi\u0107, s. Marija, O\u0160 Jurja Dalmatinca, Pag. Pende, s. Katarina, O\u0160 \u0160imuna K. Benje, Zadar. \u017dupari\u0107, s. Mara, O\u0160 Suko\u0161an i P\u0160 Debeljak. [&hellip;]<\/p>\n","protected":false},"author":1,"featured_media":0,"parent":7,"menu_order":5,"comment_status":"closed","ping_status":"closed","template":"","meta":{"footnotes":""},"class_list":["post-1950","page","type-page","status-publish","hentry"],"_links":{"self":[{"href":"https:\/\/www.katehetski.zadarskanadbiskupija.hr\/index.php?rest_route=\/wp\/v2\/pages\/1950","targetHints":{"allow":["GET"]}}],"collection":[{"href":"https:\/\/www.katehetski.zadarskanadbiskupija.hr\/index.php?rest_route=\/wp\/v2\/pages"}],"about":[{"href":"https:\/\/www.katehetski.zadarskanadbiskupija.hr\/index.php?rest_route=\/wp\/v2\/types\/page"}],"author":[{"embeddable":true,"href":"https:\/\/www.katehetski.zadarskanadbiskupija.hr\/index.php?rest_route=\/wp\/v2\/users\/1"}],"replies":[{"embeddable":true,"href":"https:\/\/www.katehetski.zadarskanadbiskupija.hr\/index.php?rest_route=%2Fwp%2Fv2%2Fcomments&post=1950"}],"version-history":[{"count":89,"href":"https:\/\/www.katehetski.zadarskanadbiskupija.hr\/index.php?rest_route=\/wp\/v2\/pages\/1950\/revisions"}],"predecessor-version":[{"id":7450,"href":"https:\/\/www.katehetski.zadarskanadbiskupija.hr\/index.php?rest_route=\/wp\/v2\/pages\/1950\/revisions\/7450"}],"up":[{"embeddable":true,"href":"https:\/\/www.katehetski.zadarskanadbiskupija.hr\/index.php?rest_route=\/wp\/v2\/pages\/7"}],"wp:attachment":[{"href":"https:\/\/www.katehetski.zadarskanadbiskupija.hr\/index.php?rest_route=%2Fwp%2Fv2%2Fmedia&parent=1950"}],"curies":[{"name":"wp","href":"https:\/\/api.w.org\/{rel}","templated":true}]}}