{"id":34,"date":"2010-11-04T10:32:13","date_gmt":"2010-11-04T09:32:13","guid":{"rendered":"http:\/\/www.katehetski.zadarskanadbiskupija.hr\/?page_id=34"},"modified":"2023-09-12T16:47:33","modified_gmt":"2023-09-12T14:47:33","slug":"strucno-vijece","status":"publish","type":"page","link":"http:\/\/www.katehetski.zadarskanadbiskupija.hr\/?page_id=34","title":{"rendered":"Stru\u010dna vije\u0107a"},"content":{"rendered":"<p align=\"center\">NADBISKUPIJSKA\/\u017dUPANIJSKA STRU\u010cNA VIJE\u0106A\u00a0VJEROU\u010cITELJA<\/p>\n<p>Prema naputku Zavoda za \u0161kolstvo Republike Hrvatske od \u0161kolske godine 2002.\/2003. formirana su stru\u010dna vije\u0107a u\u010ditelja i nastavnika jednog predmeta ili jednog obrazovnog podru\u010dja na \u017eupanijskoj razini. Temeljna svrha stru\u010dnih vije\u0107a je organizirano, redovito i aktivno okupljanje nastavnika jednog predmeta radi unaprje\u0111ivanja odgojno-obrazovnog rada te stru\u010dno usavr\u0161avanje samih nastavnika promicanjem me\u0111usobne komunikacije. Svako stru\u010dno vije\u0107e ima svoga voditelja, a \u0161kola u kojoj voditelj radi je ujedno i sjedi\u0161te stru\u010dnog vije\u0107a.<\/p>\n<p>Do kraja 2013.\/2014. \u0161kolske godine na podru\u010dju Zadarske nadbiskupije djelovala su tri stru\u010dna vije\u0107a:<\/p>\n<ol>\n<li style=\"text-align: justify;\"><strong>\u017dupanijsko stru\u010dno vije\u0107e vjerou\u010ditelja u osnovnoj \u0161koli &#8211; Grad Zadar <\/strong>(od 2003.\/2004. do 2015.\/2016. \u0161kolske godine &#8211; voditeljica <em>Ljiljana Elek<\/em>, vjerou\u010diteljica-savjetnica)<\/li>\n<li style=\"text-align: justify;\"><strong>\u017dupanijsko stru\u010dno vije\u0107e vjerou\u010ditelja u osnovnoj \u0161koli \u2013 \u0160kole u prstenu oko grada Zadra <\/strong>(od 2003.\/2004. do 2015.\/2016. \u0161kolske godine &#8211; voditeljica <em>Marijana Dellavia,<\/em> vjerou\u010diteljica-mentorica<\/li>\n<li><strong>\u017dupanijsko stru\u010dno srednjo\u0161kolskih vjerou\u010ditelja Zadarske nadbiskupije\/ \u017eupanije <\/strong><\/li>\n<\/ol>\n<p style=\"padding-left: 60px;\">a) od 2003.\/2004. -2004.\/2005. \u0161kolske godine &#8211; voditeljica <em>s. Mirjam Gad\u017ea,<\/em> vjerou\u010diteljica-savjetnica;<\/p>\n<p style=\"padding-left: 60px;\">b) od 2005.\/2006. do 2009.\/2010. \u0161kolske godine &#8211; \u00a0voditeljica <em>s. Viktorija Gad\u017ea<\/em>, vjerou\u010diteljica-mentorica;<\/p>\n<p style=\"padding-left: 60px;\">c) od 2010.\/2011. do 2013.\/2014. \u0161kolske godine &#8211; voditeljica <em>s. Danijela Kova\u010devi\u0107,<\/em> vjerou\u010diteljica.<\/p>\n<p>Od po\u010detka 2014.\/2015. \u0161kolske godine djeluju dva stru\u010dna vije\u0107a vjerou\u010ditelja:<\/p>\n<ol>\n<li style=\"text-align: justify;\"><strong>\u017dupanijsko stru\u010dno vije\u0107e vjerou\u010ditelja u osnovnoj \u0161koli &#8211; Grad Zadar i srednjo\u0161kolskih vjerou\u010ditelja Zadarske nadbiskupije\/ \u017eupanije\u00a0<\/strong><strong>vodi vjerou\u010diteljica s. Rita Mar\u017ei\u0107 <\/strong>a sjedi\u0161te stru\u010dnog vije\u0107a je u <strong>Osnovnoj \u0161koli \u0160ime Budini\u0107a, Put \u0160imunova 4, 23 000 Zadar. <\/strong>Kontakt na e-mail:<\/li>\n<li style=\"text-align: justify;\"><strong>\u017dupanijsko stru\u010dno vije\u0107e vjerou\u010ditelja u osnovnoj \u0161koli \u2013 \u0160kole u prstenu oko grada Zadra <\/strong>koje <strong>vodi vjerou\u010diteljica Marijana Dellavia<\/strong> a sjedi\u0161te stru\u010dnog vije\u0107a je u <strong>Osnovnoj \u0161koli \u0160ime Budini\u0107a, Put \u0160imunova 4, 23 000 Zadar\u00a0<\/strong>.<b> <\/b>Kontakt na e-mail: <a href=\"mailto:marijanadellavia@yahoo.com\">marijanadellavia@yahoo.com<\/a><\/li>\n<\/ol>\n<p>Na po\u010detku svake \u0161kolske godine voditelji stru\u010dnih vije\u0107a u suradnji s Katehetskim uredom izra\u0111uju ujedna\u010deni plan i program rada za stru\u010dna vije\u0107a vjerou\u010ditelja u\u00a0osnovnim i stru\u010dna vije\u0107a vjerou\u010ditelja u srednjim \u0161kolama.\u00a0Osim toga, organiziraju se i neke druge zajedni\u010dke aktivnosti, kao \u0161to su: duhovna obnova, zajedni\u010dki izlet, susret maturanata, itd.<\/p>\n<table style=\"height: 168px;\" width=\"838\">\n<tbody>\n<tr>\n<td style=\"text-align: center;\" colspan=\"6\" width=\"742\"><strong>PLAN I PROGRAM RADA STRU\u010cNOG VIJE\u0106A<\/strong><\/td>\n<\/tr>\n<tr>\n<td><span style=\"color: #ff0000;\"><strong>naziv stru\u010dnog vije\u0107a<\/strong><\/span><\/td>\n<td><span style=\"color: #ff0000;\"><strong>\u0161kolska godina<\/strong><\/span><\/td>\n<td><span style=\"color: #ff0000;\"><strong>\u0161kolska godina<\/strong><\/span><\/td>\n<td><span style=\"color: #ff0000;\"><strong>\u0161kolska godina<\/strong><\/span><\/td>\n<td><span style=\"color: #ff0000;\"><strong>\u0161kolska godina<\/strong><\/span><\/td>\n<td><span style=\"color: #ff0000;\"><strong>\u0161kolska godina<\/strong><\/span><\/td>\n<\/tr>\n<tr>\n<td>\u017dSV &#8211; GRAD<\/td>\n<td>2018 \u2013 2019<\/td>\n<td><a href=\"http:\/\/www.katehetski.zadarskanadbiskupija.hr\/wp-content\/upLoads\/2010\/11\/god-plan-Grad.pdf\" target=\"_blank\" rel=\"noopener\">2017 \u2013 2018<\/a><\/td>\n<td><a href=\"http:\/\/www.katehetski.zadarskanadbiskupija.hr\/wp-content\/upLoads\/2016\/09\/Godisnji-plan-ZSV-a-grad-2016-17.pdf\">2016 \u2013 2017<\/a><\/td>\n<td><a href=\"http:\/\/www.katehetski.zadarskanadbiskupija.hr\/wp-content\/upLoads\/2010\/11\/Plan-rada-\u017dSV-a-2015.-2016.-grad.pdf\">2015 \u2013 2016<\/a><\/td>\n<td><a href=\"http:\/\/www.katehetski.zadarskanadbiskupija.hr\/wp-content\/upLoads\/2010\/11\/Godi\u0161nji-plan-rada-\u017dSV-a-2014-2015-grad-1.pdf\">2014 \u2013 2015<\/a><\/td>\n<\/tr>\n<tr>\n<td>\u017dSV &#8211; PRSTEN OKO GRADA<\/td>\n<td>2018 \u2013 2019<\/td>\n<td><a href=\"http:\/\/www.katehetski.zadarskanadbiskupija.hr\/wp-content\/upLoads\/2010\/11\/god-plan-Prsten.pdf\">2017 \u2013 2018<\/a><\/td>\n<td><a href=\"http:\/\/www.katehetski.zadarskanadbiskupija.hr\/wp-content\/upLoads\/2016\/09\/PRIJEDLOG-PLANA-I-PROGRAMA-\u017dSV_PRSTEN_VJERONAUK_2016.pdf\">2016 \u2013 2017<\/a><\/td>\n<td><a href=\"http:\/\/www.katehetski.zadarskanadbiskupija.hr\/wp-content\/upLoads\/2010\/11\/Godi\u0161nji-plan-rada-2015.-2016.-prsten.pdf\">2015 \u2013 2016<\/a><\/td>\n<td>2014 \u2013 2015<\/td>\n<\/tr>\n<tr>\n<td><\/td>\n<td><\/td>\n<td><\/td>\n<td><\/td>\n<td><\/td>\n<td><\/td>\n<\/tr>\n<\/tbody>\n<\/table>\n<table style=\"height: 188px;\" width=\"593\">\n<tbody>\n<tr>\n<td colspan=\"4\" width=\"522\">PLAN I PROGRAM RADA STRU\u010cNOG VIJE\u0106A<\/td>\n<\/tr>\n<tr>\n<td>naziv stru\u010dnog vije\u0107a<\/td>\n<td>\u0161kolska godina<\/td>\n<td>\u0161kolska godina<\/td>\n<td>\u0161kolska godina<\/td>\n<\/tr>\n<tr>\n<td>\u017dSV &#8211; O\u0160 GRAD<\/td>\n<td>2013-2014<\/td>\n<td>2012 &#8211; 2013<\/td>\n<td>2011 -2012<\/td>\n<\/tr>\n<tr>\n<td>\u017dSV &#8211; O\u0160 PRSTEN OKO GRADA<\/td>\n<td>2013-2014<\/td>\n<td>2012-2013<\/td>\n<td>2011- 2012<\/td>\n<\/tr>\n<tr>\n<td>\u017dSV &#8211; SREDNJE \u0160KOLE<\/td>\n<td>2013-2014<\/td>\n<td>2012-2013<\/td>\n<td>2011- 2012<\/td>\n<\/tr>\n<\/tbody>\n<\/table>\n<p>***************<\/p>\n<p><a href=\"http:\/\/www.katehetski.zadarskanadbiskupija.hr\/wp-content\/upLoads\/PlanSS_2012_13.pdf\">Plan i program rada za 2012\/2013. \u0161kolsku godinu<\/a><\/p>\n<p>***************<\/p>\n<p><a href=\"http:\/\/www.katehetski.zadarskanadbiskupija.hr\/wp-content\/upLoads\/PlanRadaZSV2011_12.pdf\">Plan i program rada za 2011.\/2012. \u0161kolsku godinu.<\/a><\/p>\n","protected":false},"excerpt":{"rendered":"<p>NADBISKUPIJSKA\/\u017dUPANIJSKA STRU\u010cNA VIJE\u0106A\u00a0VJEROU\u010cITELJA Prema naputku Zavoda za \u0161kolstvo Republike Hrvatske od \u0161kolske godine 2002.\/2003. formirana su stru\u010dna vije\u0107a u\u010ditelja i nastavnika jednog predmeta ili jednog obrazovnog podru\u010dja na \u017eupanijskoj razini. Temeljna svrha stru\u010dnih vije\u0107a je organizirano, redovito i aktivno okupljanje nastavnika jednog predmeta radi unaprje\u0111ivanja odgojno-obrazovnog rada te stru\u010dno usavr\u0161avanje samih nastavnika promicanjem me\u0111usobne komunikacije. [&hellip;]<\/p>\n","protected":false},"author":1,"featured_media":2614,"parent":7,"menu_order":8,"comment_status":"closed","ping_status":"closed","template":"","meta":{"footnotes":""},"class_list":["post-34","page","type-page","status-publish","has-post-thumbnail","hentry"],"_links":{"self":[{"href":"http:\/\/www.katehetski.zadarskanadbiskupija.hr\/index.php?rest_route=\/wp\/v2\/pages\/34","targetHints":{"allow":["GET"]}}],"collection":[{"href":"http:\/\/www.katehetski.zadarskanadbiskupija.hr\/index.php?rest_route=\/wp\/v2\/pages"}],"about":[{"href":"http:\/\/www.katehetski.zadarskanadbiskupija.hr\/index.php?rest_route=\/wp\/v2\/types\/page"}],"author":[{"embeddable":true,"href":"http:\/\/www.katehetski.zadarskanadbiskupija.hr\/index.php?rest_route=\/wp\/v2\/users\/1"}],"replies":[{"embeddable":true,"href":"http:\/\/www.katehetski.zadarskanadbiskupija.hr\/index.php?rest_route=%2Fwp%2Fv2%2Fcomments&post=34"}],"version-history":[{"count":40,"href":"http:\/\/www.katehetski.zadarskanadbiskupija.hr\/index.php?rest_route=\/wp\/v2\/pages\/34\/revisions"}],"predecessor-version":[{"id":6916,"href":"http:\/\/www.katehetski.zadarskanadbiskupija.hr\/index.php?rest_route=\/wp\/v2\/pages\/34\/revisions\/6916"}],"up":[{"embeddable":true,"href":"http:\/\/www.katehetski.zadarskanadbiskupija.hr\/index.php?rest_route=\/wp\/v2\/pages\/7"}],"wp:featuredmedia":[{"embeddable":true,"href":"http:\/\/www.katehetski.zadarskanadbiskupija.hr\/index.php?rest_route=\/wp\/v2\/media\/2614"}],"wp:attachment":[{"href":"http:\/\/www.katehetski.zadarskanadbiskupija.hr\/index.php?rest_route=%2Fwp%2Fv2%2Fmedia&parent=34"}],"curies":[{"name":"wp","href":"https:\/\/api.w.org\/{rel}","templated":true}]}}